{"id":3937,"date":"2021-01-28T06:17:00","date_gmt":"2021-01-28T05:17:00","guid":{"rendered":"https:\/\/backenmitminis.de\/?page_id=3937"},"modified":"2024-06-30T22:16:02","modified_gmt":"2024-06-30T20:16:02","slug":"unsere-liebsten-produkte","status":"publish","type":"page","link":"https:\/\/backenmitminis.de\/en\/unsere-liebsten-produkte\/","title":{"rendered":"Our fav products"},"content":{"rendered":"<div id=\"ez-toc-container\" class=\"ez-toc-v2_0_82_2 counter-hierarchy ez-toc-counter ez-toc-grey ez-toc-container-direction\">\n<div class=\"ez-toc-title-container\">\n<p class=\"ez-toc-title\" style=\"cursor:inherit\">Table of content<\/p>\n<span class=\"ez-toc-title-toggle\"><a href=\"#\" class=\"ez-toc-pull-right ez-toc-btn ez-toc-btn-xs ez-toc-btn-default ez-toc-toggle\" aria-label=\"Toggle Table of Content\"><span class=\"ez-toc-js-icon-con\"><span class=\"\"><span class=\"eztoc-hide\" style=\"display:none;\">Toggle<\/span><span class=\"ez-toc-icon-toggle-span\"><svg style=\"fill: #e879ea;color:#e879ea\" xmlns=\"http:\/\/www.w3.org\/2000\/svg\" class=\"list-377408\" width=\"20px\" height=\"20px\" viewbox=\"0 0 24 24\" fill=\"none\"><path d=\"M6 6H4v2h2V6zm14 0H8v2h12V6zM4 11h2v2H4v-2zm16 0H8v2h12v-2zM4 16h2v2H4v-2zm16 0H8v2h12v-2z\" fill=\"currentColor\"><\/path><\/svg><svg style=\"fill: #e879ea;color:#e879ea\" class=\"arrow-unsorted-368013\" xmlns=\"http:\/\/www.w3.org\/2000\/svg\" width=\"10px\" height=\"10px\" viewbox=\"0 0 24 24\" version=\"1.2\" baseprofile=\"tiny\"><path d=\"M18.2 9.3l-6.2-6.3-6.2 6.3c-.2.2-.3.4-.3.7s.1.5.3.7c.2.2.4.3.7.3h11c.3 0 .5-.1.7-.3.2-.2.3-.5.3-.7s-.1-.5-.3-.7zM5.8 14.7l6.2 6.3 6.2-6.3c.2-.2.3-.5.3-.7s-.1-.5-.3-.7c-.2-.2-.4-.3-.7-.3h-11c-.3 0-.5.1-.7.3-.2.2-.3.5-.3.7s.1.5.3.7z\"\/><\/svg><\/span><\/span><\/span><\/a><\/span><\/div>\n<nav><ul class='ez-toc-list ez-toc-list-level-1' ><li class='ez-toc-page-1 ez-toc-heading-level-2'><a class=\"ez-toc-link ez-toc-heading-1\" href=\"https:\/\/backenmitminis.de\/en\/unsere-liebsten-produkte\/#Backformen\" >Backformen<\/a><\/li><li class='ez-toc-page-1 ez-toc-heading-level-2'><a class=\"ez-toc-link ez-toc-heading-2\" href=\"https:\/\/backenmitminis.de\/en\/unsere-liebsten-produkte\/#Platzchenausstecher\" >Pl\u00e4tzchenausstecher<\/a><\/li><li class='ez-toc-page-1 ez-toc-heading-level-2'><a class=\"ez-toc-link ez-toc-heading-3\" href=\"https:\/\/backenmitminis.de\/en\/unsere-liebsten-produkte\/#Backzubehor_Helferlein\" >Backzubeh\u00f6r &amp; Helferlein<\/a><\/li><li class='ez-toc-page-1 ez-toc-heading-level-2'><a class=\"ez-toc-link ez-toc-heading-4\" href=\"https:\/\/backenmitminis.de\/en\/unsere-liebsten-produkte\/#Essbare_Dekoration\" >Essbare Dekoration<\/a><\/li><li class='ez-toc-page-1 ez-toc-heading-level-2'><a class=\"ez-toc-link ez-toc-heading-5\" href=\"https:\/\/backenmitminis.de\/en\/unsere-liebsten-produkte\/#Lebensmittelfarben\" >Lebensmittelfarben<\/a><\/li><li class='ez-toc-page-1 ez-toc-heading-level-2'><a class=\"ez-toc-link ez-toc-heading-6\" href=\"https:\/\/backenmitminis.de\/en\/unsere-liebsten-produkte\/#Backen_mit_Motto\" >Backen mit Motto<\/a><ul class='ez-toc-list-level-3' ><li class='ez-toc-heading-level-3'><a class=\"ez-toc-link ez-toc-heading-7\" href=\"https:\/\/backenmitminis.de\/en\/unsere-liebsten-produkte\/#Weihnachtsbackerei\" >Weihnachtsb\u00e4ckerei<\/a><\/li><li class='ez-toc-page-1 ez-toc-heading-level-3'><a class=\"ez-toc-link ez-toc-heading-8\" href=\"https:\/\/backenmitminis.de\/en\/unsere-liebsten-produkte\/#Osterbackerei\" >Osterb\u00e4ckerei<\/a><\/li><li class='ez-toc-page-1 ez-toc-heading-level-3'><a class=\"ez-toc-link ez-toc-heading-9\" href=\"https:\/\/backenmitminis.de\/en\/unsere-liebsten-produkte\/#Halloween\" >Halloween<\/a><\/li><li class='ez-toc-page-1 ez-toc-heading-level-3'><a class=\"ez-toc-link ez-toc-heading-10\" href=\"https:\/\/backenmitminis.de\/en\/unsere-liebsten-produkte\/#Meerjungfrau\" >Meerjungfrau<\/a><\/li><li class='ez-toc-page-1 ez-toc-heading-level-3'><a class=\"ez-toc-link ez-toc-heading-11\" href=\"https:\/\/backenmitminis.de\/en\/unsere-liebsten-produkte\/#Dinosaurier\" >Dinosaurier<\/a><\/li><\/ul><\/li><li class='ez-toc-page-1 ez-toc-heading-level-2'><a class=\"ez-toc-link ez-toc-heading-12\" href=\"https:\/\/backenmitminis.de\/en\/unsere-liebsten-produkte\/#Backbucher_fur_Minis\" >Backb\u00fccher f\u00fcr Minis<\/a><\/li><li class='ez-toc-page-1 ez-toc-heading-level-2'><a class=\"ez-toc-link ez-toc-heading-13\" href=\"https:\/\/backenmitminis.de\/en\/unsere-liebsten-produkte\/#Dauerhafte_Rabattcodes\" >Dauerhafte Rabattcodes<\/a><ul class='ez-toc-list-level-3' ><li class='ez-toc-heading-level-3'><a class=\"ez-toc-link ez-toc-heading-14\" href=\"https:\/\/backenmitminis.de\/en\/unsere-liebsten-produkte\/#GoodBake\" >GoodBake<\/a><\/li><\/ul><\/li><\/ul><\/nav><\/div>\n\n<p>Da ich immer wieder nach den von uns genutzten Produkten gefragt werden, habe ich dir hier eine <strong><a href=\"https:\/\/www.amazon.de\/shop\/backen_mit_minis\" target=\"_blank\" data-type=\"URL\" data-id=\"https:\/\/www.amazon.de\/shop\/backen_mit_minis\" rel=\"noreferrer noopener nofollow\">\u00dcbersicht unserer meist genutzten Produkte und Helferlein f\u00fcr eine sch\u00f6ne Backsession mit den Minis<\/a><\/strong> zusammengestellt. Die Minis &amp; ich sind immer auf der Suche nach neuen h\u00fcbschen Dekoartikeln und witzigen Backformen f\u00fcr unsere essbaren Kunstwerke und wenn wir begeistert sind, teilen wir diese nat\u00fcrlich gern mit dir &amp; deinen Minis!<\/p>\n\n\n\n<p>Anbei findest du Links aufgeteilt nach Produktgruppen (z.B. Backformen, Zuckerstreusel &amp; Co,&#8230;) und Mottos, die euch zu den einzelnen Produkten f\u00fchren und euch detaillierte Produktinformationen geben. <\/p>\n\n\n\n<p>Bei diesen Links handelt sich um Affiliatelinks (Werbung). Das bedeutet, dass ich an einem Partnerprogramm eines Online-Shops teilnehme. Wenn ihr eure Bestellung \u00fcber diese Links platziert, erhalte ich eine kleine Provision.&nbsp;<strong>Der Produktpreis ver\u00e4ndert sich dadurch f\u00fcr euch nicht.<\/strong>&nbsp;Ihr habt demzufolge keine zus\u00e4tzlichen Kosten, meine Minis &amp; ich haben jedoch etwas mehr Budget, neue Produkte f\u00fcr euch zu testen und euch unser Ergebnis mitzuteilen.<\/p>\n\n\n\n<p>Solltest du hierzu Fragen haben, schreibe mich gerne an!<\/p>\n\n\n\n<h2 class=\"wp-block-heading\"><span class=\"ez-toc-section\" id=\"Backformen\"><\/span><strong>Backformen<\/strong><span class=\"ez-toc-section-end\"><\/span><\/h2>\n\n\n\n<p>Es gibt soooo viele tolle Backformen. Wir backen viel in den klassischen Backformen (z.B. Muffinblech, Springform, Gugelhupfform,&#8230;). Aber auch die besonderen Silikon-\/Backformen in ihrer Vielfalt und Extravaganz (z.B. Hasen-Cakesicleform, Monster-Sicles, 3-D Tanne&#8230;) lieben wir hei\u00df und innig! <\/p>\n\n\n\n<p><a href=\"https:\/\/www.amazon.de\/shop\/backen_mit_minis?listId=1SAREG9FY1LMU\" target=\"_blank\" data-type=\"URL\" data-id=\"https:\/\/www.amazon.de\/shop\/backen_mit_minis?listId=1SAREG9FY1LMU\" rel=\"noreferrer noopener\">Hier findet ihr unserer liebsten Backformen.<\/a><\/p>\n\n\n\n<ul class=\"wp-block-list\">\n<li><a aria-label=\"Erdbeerherz zum Muttertag (opens in a new tab)\" class=\"rank-math-link\" href=\"https:\/\/backenmitminis.de\/en\/2019\/05\/10\/erdbeerschnecken-zum-muttertag\/\" target=\"_blank\" rel=\"noreferrer noopener\">Erdbeerherz zum Muttertag (Herzbackform mit Auslaufschutz)<\/a><\/li>\n\n\n\n<li><a aria-label=\" (opens in a new tab)\" class=\"rank-math-link\" href=\"https:\/\/backenmitminis.de\/en\/2020\/10\/16\/halloween-cupcakes\/\" target=\"_blank\" rel=\"noreferrer noopener\">Halloween-Cupcakes (Mini-Muffinblech)<\/a><\/li>\n\n\n\n<li><a aria-label=\" (opens in a new tab)\" class=\"rank-math-link\" href=\"https:\/\/backenmitminis.de\/en\/2021\/02\/19\/gesundes-karottenbrot\/\" target=\"_blank\" rel=\"noreferrer noopener\">Gesundes Karottenbrot (Mini-Kastenform)<\/a><\/li>\n\n\n\n<li><a aria-label=\"Fruchtiger Orangenkuchen (opens in a new tab)\" class=\"rank-math-link\" href=\"https:\/\/backenmitminis.de\/en\/2020\/11\/29\/fruchtiger-orangenkuchen\/\" target=\"_blank\" rel=\"noreferrer noopener\">Fruchtiger Orangenkuchen (3D-Tannen-Backform)<\/a><\/li>\n\n\n\n<li><a aria-label=\"Saftiger Holunderbl\u00fctenkuchen (opens in a new tab)\" class=\"rank-math-link\" href=\"https:\/\/backenmitminis.de\/en\/2020\/06\/19\/saftiger-holunderblutenkuchen\/\" target=\"_blank\" rel=\"noreferrer noopener\">Saftiger Holunderbl\u00fctenkuchen (3D Backform &#8222;Reggio&#8220;)<\/a><\/li>\n\n\n\n<li><a aria-label=\"Halloween-Snacks (opens in a new tab)\" class=\"rank-math-link\" href=\"https:\/\/backenmitminis.de\/en\/2020\/10\/02\/halloween-snacks\/\" target=\"_blank\" rel=\"noreferrer noopener\">Halloween-Snacks (Mini-Gugelhupfe)<\/a> <\/li>\n<\/ul>\n\n\n\n<div class=\"wp-block-columns is-layout-flex wp-container-core-columns-is-layout-9d6595d7 wp-block-columns-is-layout-flex\">\n<div class=\"wp-block-column is-layout-flow wp-block-column-is-layout-flow\" style=\"flex-basis:100%\">\n<div class=\"wp-block-group\"><div class=\"wp-block-group__inner-container is-layout-flow wp-block-group-is-layout-flow\">\n<figure class=\"wp-block-gallery has-nested-images columns-default is-cropped wp-block-gallery-1 is-layout-flex wp-block-gallery-is-layout-flex\">\n<figure class=\"wp-block-image size-large\"><img loading=\"lazy\" decoding=\"async\" width=\"768\" height=\"1024\" data-id=\"4289\" src=\"https:\/\/backenmitminis.de\/wp-content\/uploads\/2021\/03\/Bienen-Cakesicles-Cakepops-Backen-mit-minis-19-Kopie-768x1024.jpg\" alt=\"Ein schnelles Rezept f\u00fcr einfache Bienen-Cakesicles f\u00fcr den n\u00e4chsten Kindergeburtstag - Backen mit Kindern im Fr\u00fchling\" class=\"wp-image-4289\" srcset=\"https:\/\/backenmitminis.de\/wp-content\/uploads\/2021\/03\/Bienen-Cakesicles-Cakepops-Backen-mit-minis-19-Kopie-768x1024.jpg 768w, https:\/\/backenmitminis.de\/wp-content\/uploads\/2021\/03\/Bienen-Cakesicles-Cakepops-Backen-mit-minis-19-Kopie-scaled-600x800.jpg 600w, https:\/\/backenmitminis.de\/wp-content\/uploads\/2021\/03\/Bienen-Cakesicles-Cakepops-Backen-mit-minis-19-Kopie-225x300.jpg 225w, https:\/\/backenmitminis.de\/wp-content\/uploads\/2021\/03\/Bienen-Cakesicles-Cakepops-Backen-mit-minis-19-Kopie-1152x1536.jpg 1152w, https:\/\/backenmitminis.de\/wp-content\/uploads\/2021\/03\/Bienen-Cakesicles-Cakepops-Backen-mit-minis-19-Kopie-1536x2048.jpg 1536w, https:\/\/backenmitminis.de\/wp-content\/uploads\/2021\/03\/Bienen-Cakesicles-Cakepops-Backen-mit-minis-19-Kopie-45x60.jpg 45w, https:\/\/backenmitminis.de\/wp-content\/uploads\/2021\/03\/Bienen-Cakesicles-Cakepops-Backen-mit-minis-19-Kopie-scaled.jpg 1920w\" sizes=\"auto, (max-width: 768px) 100vw, 768px\" \/><\/figure>\n\n\n\n<figure class=\"wp-block-image size-large\"><img loading=\"lazy\" decoding=\"async\" width=\"768\" height=\"1024\" data-id=\"3421\" src=\"https:\/\/backenmitminis.de\/wp-content\/uploads\/2020\/11\/Weihnachtsbaum-Orangenkuchen-Weihnachtsbaeckerei-Weihnachtskuchen-27-Kopie-768x1024.jpg\" alt=\"Hinter dem leckeren Tannenbaum versteckt sich ein Orangenkuchen, der beim Backen mit Kindern in der Weihnachtsb\u00e4ckerei wunderbar verziert werden kann.\" class=\"wp-image-3421\" srcset=\"https:\/\/backenmitminis.de\/wp-content\/uploads\/2020\/11\/Weihnachtsbaum-Orangenkuchen-Weihnachtsbaeckerei-Weihnachtskuchen-27-Kopie-768x1024.jpg 768w, https:\/\/backenmitminis.de\/wp-content\/uploads\/2020\/11\/Weihnachtsbaum-Orangenkuchen-Weihnachtsbaeckerei-Weihnachtskuchen-27-Kopie-scaled-600x800.jpg 600w, https:\/\/backenmitminis.de\/wp-content\/uploads\/2020\/11\/Weihnachtsbaum-Orangenkuchen-Weihnachtsbaeckerei-Weihnachtskuchen-27-Kopie-225x300.jpg 225w, https:\/\/backenmitminis.de\/wp-content\/uploads\/2020\/11\/Weihnachtsbaum-Orangenkuchen-Weihnachtsbaeckerei-Weihnachtskuchen-27-Kopie-1152x1536.jpg 1152w, https:\/\/backenmitminis.de\/wp-content\/uploads\/2020\/11\/Weihnachtsbaum-Orangenkuchen-Weihnachtsbaeckerei-Weihnachtskuchen-27-Kopie-1536x2048.jpg 1536w, https:\/\/backenmitminis.de\/wp-content\/uploads\/2020\/11\/Weihnachtsbaum-Orangenkuchen-Weihnachtsbaeckerei-Weihnachtskuchen-27-Kopie-45x60.jpg 45w, https:\/\/backenmitminis.de\/wp-content\/uploads\/2020\/11\/Weihnachtsbaum-Orangenkuchen-Weihnachtsbaeckerei-Weihnachtskuchen-27-Kopie-scaled.jpg 1920w\" sizes=\"auto, (max-width: 768px) 100vw, 768px\" \/><\/figure>\n\n\n\n<figure class=\"wp-block-image size-large\"><img loading=\"lazy\" decoding=\"async\" width=\"765\" height=\"1024\" data-id=\"2981\" src=\"https:\/\/backenmitminis.de\/wp-content\/uploads\/2020\/10\/Schoko-Kuerbiskuchen-Halloween-Fledermaus-Backen-mit-Kindern-27-Kopie-765x1024.jpg\" alt=\"Der Fledermauskuchen aus schokoladigen K\u00fcrbiskuchen f\u00fcr die Halloween Blogparade (die Backform ist eins unserer liebsten Back-Produkte)\" class=\"wp-image-2981\" srcset=\"https:\/\/backenmitminis.de\/wp-content\/uploads\/2020\/10\/Schoko-Kuerbiskuchen-Halloween-Fledermaus-Backen-mit-Kindern-27-Kopie-765x1024.jpg 765w, https:\/\/backenmitminis.de\/wp-content\/uploads\/2020\/10\/Schoko-Kuerbiskuchen-Halloween-Fledermaus-Backen-mit-Kindern-27-Kopie-scaled-600x803.jpg 600w, https:\/\/backenmitminis.de\/wp-content\/uploads\/2020\/10\/Schoko-Kuerbiskuchen-Halloween-Fledermaus-Backen-mit-Kindern-27-Kopie-224x300.jpg 224w, https:\/\/backenmitminis.de\/wp-content\/uploads\/2020\/10\/Schoko-Kuerbiskuchen-Halloween-Fledermaus-Backen-mit-Kindern-27-Kopie-768x1028.jpg 768w, https:\/\/backenmitminis.de\/wp-content\/uploads\/2020\/10\/Schoko-Kuerbiskuchen-Halloween-Fledermaus-Backen-mit-Kindern-27-Kopie-1148x1536.jpg 1148w, https:\/\/backenmitminis.de\/wp-content\/uploads\/2020\/10\/Schoko-Kuerbiskuchen-Halloween-Fledermaus-Backen-mit-Kindern-27-Kopie-1530x2048.jpg 1530w, https:\/\/backenmitminis.de\/wp-content\/uploads\/2020\/10\/Schoko-Kuerbiskuchen-Halloween-Fledermaus-Backen-mit-Kindern-27-Kopie-45x60.jpg 45w, https:\/\/backenmitminis.de\/wp-content\/uploads\/2020\/10\/Schoko-Kuerbiskuchen-Halloween-Fledermaus-Backen-mit-Kindern-27-Kopie-scaled.jpg 1913w\" sizes=\"auto, (max-width: 765px) 100vw, 765px\" \/><\/figure>\n<\/figure>\n<\/div><\/div>\n<\/div>\n<\/div>\n\n\n\n<h2 class=\"wp-block-heading\"><span class=\"ez-toc-section\" id=\"Platzchenausstecher\"><\/span>Pl\u00e4tzchenausstecher<span class=\"ez-toc-section-end\"><\/span><\/h2>\n\n\n\n<p>Pl\u00e4tzchen backen mit den Minis ist immer ein Highlight &#8211; nicht nur zu Weihnachten &#8211; sondern auch zu Ostern, zu Halloween&#8230; you name it \ud83d\ude09 <\/p>\n\n\n\n<p>Meine Minis &amp; ich haben schon viel mit Keksen ausprobiert &#8211; klassische Pl\u00e4tzchen, 3D-Ausstecher, Stempel-Kekse,&#8230;<\/p>\n\n\n\n<p><a href=\"https:\/\/www.amazon.de\/shop\/backen_mit_minis?listId=94XHWZT9Y8T4\" target=\"_blank\" data-type=\"URL\" data-id=\"https:\/\/www.amazon.de\/shop\/backen_mit_minis?listId=94XHWZT9Y8T4\" rel=\"noreferrer noopener nofollow\">Unsere liebsten Pl\u00e4tzchenausstecher haben wir hier f\u00fcr euch zusammengestellt.<\/a><\/p>\n\n\n\n<p><a href=\"https:\/\/www.amazon.de\/shop\/backen_mit_minis?listId=3LLFURZX8CRK4\" target=\"_blank\" data-type=\"URL\" data-id=\"https:\/\/www.amazon.de\/shop\/backen_mit_minis?listId=3LLFURZX8CRK4\" rel=\"noreferrer noopener nofollow\">Spezielle Weihnachts-Ausstecher findest du hier.<\/a><\/p>\n\n\n\n<p>Wie wir mit den Pl\u00e4tzchenausstechern ausprobiert und getestet haben, kannst du hier nachlesen: <\/p>\n\n\n\n<ul class=\"wp-block-list\">\n<li><a href=\"https:\/\/backenmitminis.de\/en\/2020\/11\/20\/gestempelte-butterplatzchen\/\" target=\"_blank\" data-type=\"URL\" data-id=\"https:\/\/backenmitminis.de\/2020\/11\/20\/gestempelte-butterplatzchen\/\" rel=\"noreferrer noopener\">Unseren Produkttest f\u00fcr die Stempel-Kekse<\/a><\/li>\n\n\n\n<li><a href=\"https:\/\/backenmitminis.de\/en\/2020\/08\/28\/paw-patrol-geburtstagskuchen\/\" target=\"_blank\" data-type=\"URL\" data-id=\"https:\/\/backenmitminis.de\/2020\/08\/28\/paw-patrol-geburtstagskuchen\/\" rel=\"noreferrer noopener\">Paw Patrol &#8211; Geburtstagskuchen<\/a><\/li>\n<\/ul>\n\n\n\n<div class=\"wp-block-columns is-layout-flex wp-container-core-columns-is-layout-9d6595d7 wp-block-columns-is-layout-flex\">\n<div class=\"wp-block-column is-layout-flow wp-block-column-is-layout-flow\" style=\"flex-basis:100%\">\n<figure class=\"wp-block-gallery has-nested-images columns-default is-cropped wp-block-gallery-2 is-layout-flex wp-block-gallery-is-layout-flex\">\n<figure class=\"wp-block-image size-large\"><img loading=\"lazy\" decoding=\"async\" width=\"768\" height=\"1024\" data-id=\"3373\" src=\"https:\/\/backenmitminis.de\/wp-content\/uploads\/2020\/11\/Butterplaetzchen-Plaetzchenstempel-Stempelplaetzchen-weihnachtsbaeckerei-produkttest-5-Kopie-768x1024.jpg\" alt=\"Gestempelte Butterpl\u00e4tzchen weihnachtliche dekoriert f\u00fcr die Weihnachtsb\u00e4ckerei mit Kindern.\" class=\"wp-image-3373\" srcset=\"https:\/\/backenmitminis.de\/wp-content\/uploads\/2020\/11\/Butterplaetzchen-Plaetzchenstempel-Stempelplaetzchen-weihnachtsbaeckerei-produkttest-5-Kopie-768x1024.jpg 768w, https:\/\/backenmitminis.de\/wp-content\/uploads\/2020\/11\/Butterplaetzchen-Plaetzchenstempel-Stempelplaetzchen-weihnachtsbaeckerei-produkttest-5-Kopie-scaled-600x800.jpg 600w, https:\/\/backenmitminis.de\/wp-content\/uploads\/2020\/11\/Butterplaetzchen-Plaetzchenstempel-Stempelplaetzchen-weihnachtsbaeckerei-produkttest-5-Kopie-225x300.jpg 225w, https:\/\/backenmitminis.de\/wp-content\/uploads\/2020\/11\/Butterplaetzchen-Plaetzchenstempel-Stempelplaetzchen-weihnachtsbaeckerei-produkttest-5-Kopie-1152x1536.jpg 1152w, https:\/\/backenmitminis.de\/wp-content\/uploads\/2020\/11\/Butterplaetzchen-Plaetzchenstempel-Stempelplaetzchen-weihnachtsbaeckerei-produkttest-5-Kopie-1536x2048.jpg 1536w, https:\/\/backenmitminis.de\/wp-content\/uploads\/2020\/11\/Butterplaetzchen-Plaetzchenstempel-Stempelplaetzchen-weihnachtsbaeckerei-produkttest-5-Kopie-45x60.jpg 45w, https:\/\/backenmitminis.de\/wp-content\/uploads\/2020\/11\/Butterplaetzchen-Plaetzchenstempel-Stempelplaetzchen-weihnachtsbaeckerei-produkttest-5-Kopie-scaled.jpg 1920w\" sizes=\"auto, (max-width: 768px) 100vw, 768px\" \/><\/figure>\n\n\n\n<figure class=\"wp-block-image size-large\"><img loading=\"lazy\" decoding=\"async\" width=\"768\" height=\"1024\" data-id=\"457\" src=\"https:\/\/backenmitminis.de\/wp-content\/uploads\/2020\/03\/Zitronenh\u00e4schen-Pl\u00e4tzchen-Ostern-Backen_-mit-kindern-2-768x1024.jpg\" alt=\"Ein Zitronenh\u00e4schen mit einer Marzipanm\u00f6hre im Arm.\" class=\"wp-image-457\" srcset=\"https:\/\/backenmitminis.de\/wp-content\/uploads\/2020\/03\/Zitronenh\u00e4schen-Pl\u00e4tzchen-Ostern-Backen_-mit-kindern-2-768x1024.jpg 768w, https:\/\/backenmitminis.de\/wp-content\/uploads\/2020\/03\/Zitronenh\u00e4schen-Pl\u00e4tzchen-Ostern-Backen_-mit-kindern-2-scaled-600x800.jpg 600w, https:\/\/backenmitminis.de\/wp-content\/uploads\/2020\/03\/Zitronenh\u00e4schen-Pl\u00e4tzchen-Ostern-Backen_-mit-kindern-2-225x300.jpg 225w, https:\/\/backenmitminis.de\/wp-content\/uploads\/2020\/03\/Zitronenh\u00e4schen-Pl\u00e4tzchen-Ostern-Backen_-mit-kindern-2-1152x1536.jpg 1152w, https:\/\/backenmitminis.de\/wp-content\/uploads\/2020\/03\/Zitronenh\u00e4schen-Pl\u00e4tzchen-Ostern-Backen_-mit-kindern-2-1536x2048.jpg 1536w, https:\/\/backenmitminis.de\/wp-content\/uploads\/2020\/03\/Zitronenh\u00e4schen-Pl\u00e4tzchen-Ostern-Backen_-mit-kindern-2-45x60.jpg 45w, https:\/\/backenmitminis.de\/wp-content\/uploads\/2020\/03\/Zitronenh\u00e4schen-Pl\u00e4tzchen-Ostern-Backen_-mit-kindern-2-scaled.jpg 1920w\" sizes=\"auto, (max-width: 768px) 100vw, 768px\" \/><\/figure>\n\n\n\n<figure class=\"wp-block-image size-large\"><img loading=\"lazy\" decoding=\"async\" width=\"768\" height=\"1024\" data-id=\"2645\" src=\"https:\/\/backenmitminis.de\/wp-content\/uploads\/2020\/09\/Paw-Patrol-Geburtstagskuchen-Kindergeburtstag-Kuchen-mit-Zahl-3-768x1024.jpg\" alt=\"\" class=\"wp-image-2645\" srcset=\"https:\/\/backenmitminis.de\/wp-content\/uploads\/2020\/09\/Paw-Patrol-Geburtstagskuchen-Kindergeburtstag-Kuchen-mit-Zahl-3-768x1024.jpg 768w, https:\/\/backenmitminis.de\/wp-content\/uploads\/2020\/09\/Paw-Patrol-Geburtstagskuchen-Kindergeburtstag-Kuchen-mit-Zahl-3-scaled-600x800.jpg 600w, https:\/\/backenmitminis.de\/wp-content\/uploads\/2020\/09\/Paw-Patrol-Geburtstagskuchen-Kindergeburtstag-Kuchen-mit-Zahl-3-225x300.jpg 225w, https:\/\/backenmitminis.de\/wp-content\/uploads\/2020\/09\/Paw-Patrol-Geburtstagskuchen-Kindergeburtstag-Kuchen-mit-Zahl-3-1152x1536.jpg 1152w, https:\/\/backenmitminis.de\/wp-content\/uploads\/2020\/09\/Paw-Patrol-Geburtstagskuchen-Kindergeburtstag-Kuchen-mit-Zahl-3-1536x2048.jpg 1536w, https:\/\/backenmitminis.de\/wp-content\/uploads\/2020\/09\/Paw-Patrol-Geburtstagskuchen-Kindergeburtstag-Kuchen-mit-Zahl-3-45x60.jpg 45w, https:\/\/backenmitminis.de\/wp-content\/uploads\/2020\/09\/Paw-Patrol-Geburtstagskuchen-Kindergeburtstag-Kuchen-mit-Zahl-3-scaled.jpg 1920w\" sizes=\"auto, (max-width: 768px) 100vw, 768px\" \/><\/figure>\n<\/figure>\n<\/div>\n<\/div>\n\n\n\n<h2 class=\"wp-block-heading\"><span class=\"ez-toc-section\" id=\"Backzubehor_Helferlein\"><\/span>Backzubeh\u00f6r &amp; Helferlein<span class=\"ez-toc-section-end\"><\/span><\/h2>\n\n\n\n<p>Egal ob Teigschaber, Abk\u00fchlgitter oder Eiswaffelhalter, f\u00fcr das Backen mit oder ohne Minis ben\u00f6tigst du etwas Equipment. <a href=\"https:\/\/www.amazon.de\/shop\/backen_mit_minis?listId=1P1ATUW9IUOI3\" target=\"_blank\" data-type=\"URL\" data-id=\"https:\/\/www.amazon.de\/shop\/backen_mit_minis?listId=1P1ATUW9IUOI3\" rel=\"noreferrer noopener nofollow\">Hier findest du unsere Backhelferchen.<\/a><\/p>\n\n\n\n<h2 class=\"wp-block-heading\"><span class=\"ez-toc-section\" id=\"Essbare_Dekoration\"><\/span>Essbare Dekoration<span class=\"ez-toc-section-end\"><\/span><\/h2>\n\n\n\n<p>Backen mit Kinder ohne kunterbunte, leckere Dekoration ist geradezu undenkbar. Meine Minis haben gro\u00dfe Freude am Verzieren ihrer Backwaren und erschaffen so einzigartige, k\u00f6stliche Kunstwerke. <\/p>\n\n\n\n<p><a href=\"https:\/\/www.amazon.de\/shop\/backen_mit_minis?listId=102V3ONCLWUCN\" data-type=\"URL\" data-id=\"https:\/\/www.amazon.de\/shop\/backen_mit_minis?listId=102V3ONCLWUCN\" target=\"_blank\" rel=\"noreferrer noopener nofollow\">Unsere liebsten essbaren Dekoartikel bestehen neben den klassischen Zuckerstreuseln, aus Besonderheiten wie Schokom\u00f6hren f\u00fcr den Schneemann, knusprigen Schokokugeln  und nat\u00fcrlich Zuckeraugen in allen Varianten.<\/a><\/p>\n\n\n\n<h2 class=\"wp-block-heading\"><span class=\"ez-toc-section\" id=\"Lebensmittelfarben\"><\/span>Lebensmittelfarben<span class=\"ez-toc-section-end\"><\/span><\/h2>\n\n\n\n<p>Meine Minis und ich verwenden schon seit Jahren das Tropfensystem von GoodBake zum Einf\u00e4rben unserer Cremes und Teige. Aufgrund des Tropfensystem lassen sich alle beliebigen Farben mischen. Auch die Neon-Farben von GoodBake sind wunderbar knallig und werden von uns gern verarbeitet.<\/p>\n\n\n\n<p class=\"has-white-color has-text-color has-background\" style=\"background-color:#e879ea\"><strong><strong>Discount code for your purchase at GoodBake<\/strong>: <\/strong> With the discount code \u201cLIA12\u201d you save 12% on your purchase <a href=\"https:\/\/goodbake.de?sca_ref=2516713.rkRpcA338y\" target=\"_blank\" rel=\"noopener\">from Goodbake<\/a>. <\/p>\n\n\n\n<div class=\"wp-block-columns is-layout-flex wp-container-core-columns-is-layout-9d6595d7 wp-block-columns-is-layout-flex\">\n<div class=\"wp-block-column is-layout-flow wp-block-column-is-layout-flow\" style=\"flex-basis:100%\">\n<figure class=\"wp-block-gallery has-nested-images columns-default is-cropped wp-block-gallery-3 is-layout-flex wp-block-gallery-is-layout-flex\">\n<figure class=\"wp-block-image size-large\"><img loading=\"lazy\" decoding=\"async\" width=\"768\" height=\"1024\" data-id=\"5869\" src=\"https:\/\/backenmitminis.de\/wp-content\/uploads\/2021\/09\/Pferde-Party-Blumen-Waffelbecher-Backen-mit-Kindern-41-768x1024.jpg\" alt=\"Die s\u00fc\u00dfen Blumen-Waffelbecher als kleine Blumenwiese auf der Pferde-Party.\" class=\"wp-image-5869\" srcset=\"https:\/\/backenmitminis.de\/wp-content\/uploads\/2021\/09\/Pferde-Party-Blumen-Waffelbecher-Backen-mit-Kindern-41-768x1024.jpg 768w, https:\/\/backenmitminis.de\/wp-content\/uploads\/2021\/09\/Pferde-Party-Blumen-Waffelbecher-Backen-mit-Kindern-41-scaled-600x800.jpg 600w, https:\/\/backenmitminis.de\/wp-content\/uploads\/2021\/09\/Pferde-Party-Blumen-Waffelbecher-Backen-mit-Kindern-41-225x300.jpg 225w, https:\/\/backenmitminis.de\/wp-content\/uploads\/2021\/09\/Pferde-Party-Blumen-Waffelbecher-Backen-mit-Kindern-41-1152x1536.jpg 1152w, https:\/\/backenmitminis.de\/wp-content\/uploads\/2021\/09\/Pferde-Party-Blumen-Waffelbecher-Backen-mit-Kindern-41-1536x2048.jpg 1536w, https:\/\/backenmitminis.de\/wp-content\/uploads\/2021\/09\/Pferde-Party-Blumen-Waffelbecher-Backen-mit-Kindern-41-45x60.jpg 45w, https:\/\/backenmitminis.de\/wp-content\/uploads\/2021\/09\/Pferde-Party-Blumen-Waffelbecher-Backen-mit-Kindern-41-scaled.jpg 1920w\" sizes=\"auto, (max-width: 768px) 100vw, 768px\" \/><\/figure>\n\n\n\n<figure class=\"wp-block-image size-large\"><img loading=\"lazy\" decoding=\"async\" width=\"768\" height=\"1024\" data-id=\"3786\" src=\"https:\/\/backenmitminis.de\/wp-content\/uploads\/2021\/01\/Schneemann-Cakepops-Winter-backen-mit-kindern-kindergeburtstag-5-Kopie-768x1024.jpg\" alt=\"Mit einer Silikonbackform f\u00fcr Cakesicles werden Schneem\u00e4nner winterlich gebacken\" class=\"wp-image-3786\" srcset=\"https:\/\/backenmitminis.de\/wp-content\/uploads\/2021\/01\/Schneemann-Cakepops-Winter-backen-mit-kindern-kindergeburtstag-5-Kopie-768x1024.jpg 768w, https:\/\/backenmitminis.de\/wp-content\/uploads\/2021\/01\/Schneemann-Cakepops-Winter-backen-mit-kindern-kindergeburtstag-5-Kopie-scaled-600x800.jpg 600w, https:\/\/backenmitminis.de\/wp-content\/uploads\/2021\/01\/Schneemann-Cakepops-Winter-backen-mit-kindern-kindergeburtstag-5-Kopie-225x300.jpg 225w, https:\/\/backenmitminis.de\/wp-content\/uploads\/2021\/01\/Schneemann-Cakepops-Winter-backen-mit-kindern-kindergeburtstag-5-Kopie-1152x1536.jpg 1152w, https:\/\/backenmitminis.de\/wp-content\/uploads\/2021\/01\/Schneemann-Cakepops-Winter-backen-mit-kindern-kindergeburtstag-5-Kopie-1536x2048.jpg 1536w, https:\/\/backenmitminis.de\/wp-content\/uploads\/2021\/01\/Schneemann-Cakepops-Winter-backen-mit-kindern-kindergeburtstag-5-Kopie-45x60.jpg 45w, https:\/\/backenmitminis.de\/wp-content\/uploads\/2021\/01\/Schneemann-Cakepops-Winter-backen-mit-kindern-kindergeburtstag-5-Kopie-scaled.jpg 1920w\" sizes=\"auto, (max-width: 768px) 100vw, 768px\" \/><\/figure>\n\n\n\n<figure class=\"wp-block-image size-large\"><img loading=\"lazy\" decoding=\"async\" width=\"768\" height=\"1024\" data-id=\"5881\" src=\"https:\/\/backenmitminis.de\/wp-content\/uploads\/2021\/09\/Pferde-Party-Pferdekekse-Backen-mit-Kindern-26-768x1024.jpg\" alt=\"Die Pferde-Kekse sind schnell gestaltet und sind die perfekte Deko f\u00fcr dein Backwerk f\u00fcr die Pferde-Party\" class=\"wp-image-5881\" srcset=\"https:\/\/backenmitminis.de\/wp-content\/uploads\/2021\/09\/Pferde-Party-Pferdekekse-Backen-mit-Kindern-26-768x1024.jpg 768w, https:\/\/backenmitminis.de\/wp-content\/uploads\/2021\/09\/Pferde-Party-Pferdekekse-Backen-mit-Kindern-26-scaled-600x800.jpg 600w, https:\/\/backenmitminis.de\/wp-content\/uploads\/2021\/09\/Pferde-Party-Pferdekekse-Backen-mit-Kindern-26-225x300.jpg 225w, https:\/\/backenmitminis.de\/wp-content\/uploads\/2021\/09\/Pferde-Party-Pferdekekse-Backen-mit-Kindern-26-1152x1536.jpg 1152w, https:\/\/backenmitminis.de\/wp-content\/uploads\/2021\/09\/Pferde-Party-Pferdekekse-Backen-mit-Kindern-26-1536x2048.jpg 1536w, https:\/\/backenmitminis.de\/wp-content\/uploads\/2021\/09\/Pferde-Party-Pferdekekse-Backen-mit-Kindern-26-45x60.jpg 45w, https:\/\/backenmitminis.de\/wp-content\/uploads\/2021\/09\/Pferde-Party-Pferdekekse-Backen-mit-Kindern-26-scaled.jpg 1920w\" sizes=\"auto, (max-width: 768px) 100vw, 768px\" \/><\/figure>\n<\/figure>\n<\/div>\n<\/div>\n\n\n\n<h2 class=\"wp-block-heading\"><span class=\"ez-toc-section\" id=\"Backen_mit_Motto\"><\/span>Backen mit Motto<span class=\"ez-toc-section-end\"><\/span><\/h2>\n\n\n\n<h3 class=\"wp-block-heading\"><span class=\"ez-toc-section\" id=\"Weihnachtsbackerei\"><\/span>Weihnachtsb\u00e4ckerei<span class=\"ez-toc-section-end\"><\/span><\/h3>\n\n\n\n<p>Die Weihnachtszeit ist wohl die Hochsaison des Backens mit Kindern. Genau aus dem Grund habe ich deinen Minis &amp; dir verschiedenen Produkt zusammengestellt. In der Zeit kommen meine Minis &amp; ich n\u00e4mlich kaum aus dem Backen heraus \ud83d\ude09<\/p>\n\n\n\n<p><a href=\"https:\/\/www.amazon.de\/shop\/backen_mit_minis?listId=3LLFURZX8CRK4\" target=\"_blank\" data-type=\"URL\" data-id=\"https:\/\/www.amazon.de\/shop\/backen_mit_minis?listId=3LLFURZX8CRK4\" rel=\"noreferrer noopener\">Pl\u00e4tzchen backen f\u00fcr Weihnachten<\/a><\/p>\n\n\n\n<p><a href=\"https:\/\/www.amazon.de\/shop\/backen_mit_minis?listId=SPX7NCAV3G2T\" target=\"_blank\" data-type=\"URL\" data-id=\"https:\/\/www.amazon.de\/shop\/backen_mit_minis?listId=SPX7NCAV3G2T\" rel=\"noreferrer noopener nofollow\">Weihnachtliche Backformen &amp; Muffinsf\u00f6rmchen<\/a><\/p>\n\n\n\n<p><a href=\"https:\/\/www.amazon.de\/shop\/backen_mit_minis?listId=1OAOGI0MG11L1\" target=\"_blank\" data-type=\"URL\" data-id=\"https:\/\/www.amazon.de\/shop\/backen_mit_minis?listId=1OAOGI0MG11L1\" rel=\"noreferrer noopener nofollow\">Essbare Dekoration f\u00fcr die Weihnachtszeit<\/a><\/p>\n\n\n\n<h3 class=\"wp-block-heading\"><span class=\"ez-toc-section\" id=\"Osterbackerei\"><\/span>Osterb\u00e4ckerei<span class=\"ez-toc-section-end\"><\/span><\/h3>\n\n\n\n<p>Neben Weihnachten ist Ostern wohl die Zeit im Jahr, in der die meisten Eltern mit ihren Kindern zusammen backen. <\/p>\n\n\n\n<p><a href=\"https:\/\/www.amazon.de\/shop\/backen_mit_minis?listId=3LF5RX2CEN7E6\" target=\"_blank\" data-type=\"URL\" data-id=\"https:\/\/www.amazon.de\/shop\/backen_mit_minis?listId=3LF5RX2CEN7E6\" rel=\"noreferrer noopener nofollow\">Wir haben euch hier alle Backformen (z.B. die Hasen-Cakesiclesform, Knuddel-Hase) und Dekoartikel (Schokom\u00f6hren) f\u00fcr eure ganz besondere Osterb\u00e4ckerei zusammengestellt.<\/a><\/p>\n\n\n\n<h3 class=\"wp-block-heading\"><span class=\"ez-toc-section\" id=\"Halloween\"><\/span>Halloween<span class=\"ez-toc-section-end\"><\/span><\/h3>\n\n\n\n<p><a href=\"https:\/\/www.amazon.de\/shop\/backen_mit_minis?listId=1G8KB92OBU7C1\" target=\"_blank\" data-type=\"URL\" data-id=\"https:\/\/www.amazon.de\/shop\/backen_mit_minis?listId=1G8KB92OBU7C1\" rel=\"noreferrer noopener nofollow\">F\u00fcr eine schaurig-sch\u00f6ne Backsession mit den Minis nutzen wir monsterhafte Backformen und gruselige Dekoration. <\/a><\/p>\n\n\n\n<h3 class=\"wp-block-heading\"><span class=\"ez-toc-section\" id=\"Meerjungfrau\"><\/span>Meerjungfrau<span class=\"ez-toc-section-end\"><\/span><\/h3>\n\n\n\n<p>Meine Minis sind gro\u00dfe Meerjungfrauen-Fans. Aus dem Grund haben wir nicht erst einen Meerjungfrauen-Kindergeburtstag gefeiert. <a href=\"https:\/\/www.amazon.de\/shop\/backen_mit_minis?listId=3A8O8BDT10KZO\" target=\"_blank\" data-type=\"URL\" data-id=\"https:\/\/www.amazon.de\/shop\/backen_mit_minis?listId=3A8O8BDT10KZO\" rel=\"noreferrer noopener nofollow\">Mit der passenden Kuchendekoration wird das Backen f\u00fcr die kleinen Meerjungfrauen-Fans zum Highlight.<\/a><\/p>\n\n\n\n<h3 class=\"wp-block-heading\"><span class=\"ez-toc-section\" id=\"Dinosaurier\"><\/span>Dinosaurier<span class=\"ez-toc-section-end\"><\/span><\/h3>\n\n\n\n<p>F\u00fcr den Kindergeburtstag meiner Mini haben wir uns in dem Thema Dinosaurier richtig sch\u00f6n ausgelebt. <a href=\"https:\/\/www.amazon.de\/shop\/backen_mit_minis?listId=1Q7IZB9TNH1TN\" target=\"_blank\" data-type=\"URL\" data-id=\"https:\/\/www.amazon.de\/shop\/backen_mit_minis?listId=1Q7IZB9TNH1TN\" rel=\"noreferrer noopener nofollow\">Hier findest du Kuchendeko, Muffinsets, Geburtstagskerzen,&#8230; zum Motto Dinosaurier.<\/a><\/p>\n\n\n\n<div class=\"wp-block-columns is-layout-flex wp-container-core-columns-is-layout-9d6595d7 wp-block-columns-is-layout-flex\">\n<div class=\"wp-block-column is-layout-flow wp-block-column-is-layout-flow\" style=\"flex-basis:100%\">\n<figure class=\"wp-block-gallery has-nested-images columns-default is-cropped wp-block-gallery-4 is-layout-flex wp-block-gallery-is-layout-flex\">\n<figure class=\"wp-block-image size-large\"><img loading=\"lazy\" decoding=\"async\" width=\"768\" height=\"1024\" data-id=\"4706\" src=\"https:\/\/backenmitminis.de\/wp-content\/uploads\/2021\/04\/Meerjungfrau-Meerjungfrauenkekse-3D-Kekse-Backen-mit-Kindern-Plaetzchen-Kindergeburtstag-31-Kopie-768x1024.jpg\" alt=\"Die 3D-Meerjungfrauen-Kekse sind ein leckeres Highlight auf jedem Meermaid-Party. F\u00fcr den Kindergeburtstag kannst du sie einfach mit deinen Kindern backen.\" class=\"wp-image-4706\" srcset=\"https:\/\/backenmitminis.de\/wp-content\/uploads\/2021\/04\/Meerjungfrau-Meerjungfrauenkekse-3D-Kekse-Backen-mit-Kindern-Plaetzchen-Kindergeburtstag-31-Kopie-768x1024.jpg 768w, https:\/\/backenmitminis.de\/wp-content\/uploads\/2021\/04\/Meerjungfrau-Meerjungfrauenkekse-3D-Kekse-Backen-mit-Kindern-Plaetzchen-Kindergeburtstag-31-Kopie-scaled-600x800.jpg 600w, https:\/\/backenmitminis.de\/wp-content\/uploads\/2021\/04\/Meerjungfrau-Meerjungfrauenkekse-3D-Kekse-Backen-mit-Kindern-Plaetzchen-Kindergeburtstag-31-Kopie-225x300.jpg 225w, https:\/\/backenmitminis.de\/wp-content\/uploads\/2021\/04\/Meerjungfrau-Meerjungfrauenkekse-3D-Kekse-Backen-mit-Kindern-Plaetzchen-Kindergeburtstag-31-Kopie-1152x1536.jpg 1152w, https:\/\/backenmitminis.de\/wp-content\/uploads\/2021\/04\/Meerjungfrau-Meerjungfrauenkekse-3D-Kekse-Backen-mit-Kindern-Plaetzchen-Kindergeburtstag-31-Kopie-1536x2048.jpg 1536w, https:\/\/backenmitminis.de\/wp-content\/uploads\/2021\/04\/Meerjungfrau-Meerjungfrauenkekse-3D-Kekse-Backen-mit-Kindern-Plaetzchen-Kindergeburtstag-31-Kopie-45x60.jpg 45w, https:\/\/backenmitminis.de\/wp-content\/uploads\/2021\/04\/Meerjungfrau-Meerjungfrauenkekse-3D-Kekse-Backen-mit-Kindern-Plaetzchen-Kindergeburtstag-31-Kopie-scaled.jpg 1920w\" sizes=\"auto, (max-width: 768px) 100vw, 768px\" \/><\/figure>\n\n\n\n<figure class=\"wp-block-image size-large\"><img loading=\"lazy\" decoding=\"async\" width=\"768\" height=\"1024\" data-id=\"5811\" src=\"https:\/\/backenmitminis.de\/wp-content\/uploads\/2021\/08\/Dino-Waffelbecher-Kindergeburtstag-Backen-mit-Minis-5-Kopie-768x1024.jpg\" alt=\"Die kleinen Dinosaurier in den Waffelbechern sind ein s\u00fc\u00dfer Partysnack f\u00fcr Kindern am Kindergeburtstag.\" class=\"wp-image-5811\" srcset=\"https:\/\/backenmitminis.de\/wp-content\/uploads\/2021\/08\/Dino-Waffelbecher-Kindergeburtstag-Backen-mit-Minis-5-Kopie-768x1024.jpg 768w, https:\/\/backenmitminis.de\/wp-content\/uploads\/2021\/08\/Dino-Waffelbecher-Kindergeburtstag-Backen-mit-Minis-5-Kopie-scaled-600x800.jpg 600w, https:\/\/backenmitminis.de\/wp-content\/uploads\/2021\/08\/Dino-Waffelbecher-Kindergeburtstag-Backen-mit-Minis-5-Kopie-225x300.jpg 225w, https:\/\/backenmitminis.de\/wp-content\/uploads\/2021\/08\/Dino-Waffelbecher-Kindergeburtstag-Backen-mit-Minis-5-Kopie-1152x1536.jpg 1152w, https:\/\/backenmitminis.de\/wp-content\/uploads\/2021\/08\/Dino-Waffelbecher-Kindergeburtstag-Backen-mit-Minis-5-Kopie-1536x2048.jpg 1536w, https:\/\/backenmitminis.de\/wp-content\/uploads\/2021\/08\/Dino-Waffelbecher-Kindergeburtstag-Backen-mit-Minis-5-Kopie-45x60.jpg 45w, https:\/\/backenmitminis.de\/wp-content\/uploads\/2021\/08\/Dino-Waffelbecher-Kindergeburtstag-Backen-mit-Minis-5-Kopie-scaled.jpg 1920w\" sizes=\"auto, (max-width: 768px) 100vw, 768px\" \/><\/figure>\n\n\n\n<figure class=\"wp-block-image size-large\"><img loading=\"lazy\" decoding=\"async\" width=\"768\" height=\"1024\" data-id=\"4750\" src=\"https:\/\/backenmitminis.de\/wp-content\/uploads\/2021\/04\/Einhornkuchen-Zucchinikuchen-Zitronenkuchen-Kindergeburtstag-backen-mit-kindern-14-Kopie-768x1024.jpg\" alt=\"Das einfache Rezept f\u00fcr den Einhornkuchen zum Kindergeburtstag besteht aus einem saftigen Zucchinikuchen mit Zitrone.\" class=\"wp-image-4750\" srcset=\"https:\/\/backenmitminis.de\/wp-content\/uploads\/2021\/04\/Einhornkuchen-Zucchinikuchen-Zitronenkuchen-Kindergeburtstag-backen-mit-kindern-14-Kopie-768x1024.jpg 768w, https:\/\/backenmitminis.de\/wp-content\/uploads\/2021\/04\/Einhornkuchen-Zucchinikuchen-Zitronenkuchen-Kindergeburtstag-backen-mit-kindern-14-Kopie-scaled-600x800.jpg 600w, https:\/\/backenmitminis.de\/wp-content\/uploads\/2021\/04\/Einhornkuchen-Zucchinikuchen-Zitronenkuchen-Kindergeburtstag-backen-mit-kindern-14-Kopie-225x300.jpg 225w, https:\/\/backenmitminis.de\/wp-content\/uploads\/2021\/04\/Einhornkuchen-Zucchinikuchen-Zitronenkuchen-Kindergeburtstag-backen-mit-kindern-14-Kopie-1152x1536.jpg 1152w, https:\/\/backenmitminis.de\/wp-content\/uploads\/2021\/04\/Einhornkuchen-Zucchinikuchen-Zitronenkuchen-Kindergeburtstag-backen-mit-kindern-14-Kopie-1536x2048.jpg 1536w, https:\/\/backenmitminis.de\/wp-content\/uploads\/2021\/04\/Einhornkuchen-Zucchinikuchen-Zitronenkuchen-Kindergeburtstag-backen-mit-kindern-14-Kopie-45x60.jpg 45w, https:\/\/backenmitminis.de\/wp-content\/uploads\/2021\/04\/Einhornkuchen-Zucchinikuchen-Zitronenkuchen-Kindergeburtstag-backen-mit-kindern-14-Kopie-scaled.jpg 1920w\" sizes=\"auto, (max-width: 768px) 100vw, 768px\" \/><\/figure>\n<\/figure>\n<\/div>\n<\/div>\n\n\n\n<h2 class=\"wp-block-heading\"><span class=\"ez-toc-section\" id=\"Backbucher_fur_Minis\"><\/span>Backb\u00fccher f\u00fcr Minis<span class=\"ez-toc-section-end\"><\/span><\/h2>\n\n\n\n<p>Meine Minis &amp; ich st\u00f6bern gerne in sch\u00f6nen Kinderbackb\u00fcchern. <a href=\"https:\/\/www.amazon.de\/shop\/backen_mit_minis?listId=3MLA6YD9L14GS\" target=\"_blank\" data-type=\"URL\" data-id=\"https:\/\/www.amazon.de\/shop\/backen_mit_minis?listId=3MLA6YD9L14GS\" rel=\"noreferrer noopener nofollow\">Unsere liebsten Kinderbackb\u00fccher findest du hier. <\/a><\/p>\n\n\n\n<p>Hier kannst du unseren Produkttests f\u00fcr die Kinderbackb\u00fccher <a href=\"https:\/\/backenmitminis.de\/en\/2018\/04\/06\/produkttest-kinderleichte-becherkuche\/\" data-type=\"URL\" data-id=\"https:\/\/backenmitminis.de\/2018\/04\/06\/produkttest-kinderleichte-becherkuche\/\" target=\"_blank\" rel=\"noreferrer noopener\">&#8222;Die Kinderleichte Becherk\u00fcche Band 2 &#8211; Leckere Backideen f\u00fcr Kinder&#8220;<\/a> and <a href=\"https:\/\/backenmitminis.de\/en\/2020\/11\/13\/backbuch-kinderleichte-becherkuche\/\" data-type=\"URL\" data-id=\"https:\/\/backenmitminis.de\/2020\/11\/13\/backbuch-kinderleichte-becherkuche\/\" target=\"_blank\" rel=\"noreferrer noopener\">&#8222;Die Kinderleichte Becherk\u00fcche Band 8 &#8211; Kreative Motivkuchen&#8220;<\/a> nachlesen.<\/p>\n\n\n\n<p>Mehr Informationen \u00fcber das <a href=\"https:\/\/backenmitminis.de\/en\/2022\/08\/26\/backbuch-fuer-kinder\/\" target=\"_blank\" rel=\"noreferrer noopener\">Koch &amp; Backbuch f\u00fcr Kinder &#8222;Die Welt schmecken &amp; entdecken&#8220;<\/a> findest du in diesem Blogpost.<\/p>\n\n\n\n<div class=\"wp-block-columns is-layout-flex wp-container-core-columns-is-layout-9d6595d7 wp-block-columns-is-layout-flex\">\n<div class=\"wp-block-column is-layout-flow wp-block-column-is-layout-flow\" style=\"flex-basis:100%\">\n<figure class=\"wp-block-gallery has-nested-images columns-default is-cropped wp-block-gallery-5 is-layout-flex wp-block-gallery-is-layout-flex\">\n<figure class=\"wp-block-image size-large\"><img loading=\"lazy\" decoding=\"async\" width=\"768\" height=\"1024\" data-id=\"3272\" src=\"https:\/\/backenmitminis.de\/wp-content\/uploads\/2020\/11\/Kinderleichte-Becherkueche-Backen-mit-Kindern-Motto-backen-Tannenbaum-10-Kopie-768x1024.jpg\" alt=\"Diese h\u00fcbschen Tannenb\u00e4ume haben meine Kinder mit der Kinderleichten Becherk\u00fcche f\u00fcr Weihnachten gebacken.\" class=\"wp-image-3272\" srcset=\"https:\/\/backenmitminis.de\/wp-content\/uploads\/2020\/11\/Kinderleichte-Becherkueche-Backen-mit-Kindern-Motto-backen-Tannenbaum-10-Kopie-768x1024.jpg 768w, https:\/\/backenmitminis.de\/wp-content\/uploads\/2020\/11\/Kinderleichte-Becherkueche-Backen-mit-Kindern-Motto-backen-Tannenbaum-10-Kopie-scaled-600x800.jpg 600w, https:\/\/backenmitminis.de\/wp-content\/uploads\/2020\/11\/Kinderleichte-Becherkueche-Backen-mit-Kindern-Motto-backen-Tannenbaum-10-Kopie-225x300.jpg 225w, https:\/\/backenmitminis.de\/wp-content\/uploads\/2020\/11\/Kinderleichte-Becherkueche-Backen-mit-Kindern-Motto-backen-Tannenbaum-10-Kopie-1152x1536.jpg 1152w, https:\/\/backenmitminis.de\/wp-content\/uploads\/2020\/11\/Kinderleichte-Becherkueche-Backen-mit-Kindern-Motto-backen-Tannenbaum-10-Kopie-1536x2048.jpg 1536w, https:\/\/backenmitminis.de\/wp-content\/uploads\/2020\/11\/Kinderleichte-Becherkueche-Backen-mit-Kindern-Motto-backen-Tannenbaum-10-Kopie-45x60.jpg 45w, https:\/\/backenmitminis.de\/wp-content\/uploads\/2020\/11\/Kinderleichte-Becherkueche-Backen-mit-Kindern-Motto-backen-Tannenbaum-10-Kopie-scaled.jpg 1920w\" sizes=\"auto, (max-width: 768px) 100vw, 768px\" \/><\/figure>\n\n\n\n<figure class=\"wp-block-image size-large\"><img loading=\"lazy\" decoding=\"async\" width=\"768\" height=\"1024\" data-id=\"3267\" src=\"https:\/\/backenmitminis.de\/wp-content\/uploads\/2020\/11\/Kinderleichte-Becherkueche-Backen-mit-Kindern-Motto-backen-Tannenbaum-5-Kopie-768x1024.jpg\" alt=\"Das Beste am Backen mit Kindern ist das Dekorieren in der Weihnachtb\u00e4ckerei.\" class=\"wp-image-3267\" srcset=\"https:\/\/backenmitminis.de\/wp-content\/uploads\/2020\/11\/Kinderleichte-Becherkueche-Backen-mit-Kindern-Motto-backen-Tannenbaum-5-Kopie-768x1024.jpg 768w, https:\/\/backenmitminis.de\/wp-content\/uploads\/2020\/11\/Kinderleichte-Becherkueche-Backen-mit-Kindern-Motto-backen-Tannenbaum-5-Kopie-scaled-600x800.jpg 600w, https:\/\/backenmitminis.de\/wp-content\/uploads\/2020\/11\/Kinderleichte-Becherkueche-Backen-mit-Kindern-Motto-backen-Tannenbaum-5-Kopie-225x300.jpg 225w, https:\/\/backenmitminis.de\/wp-content\/uploads\/2020\/11\/Kinderleichte-Becherkueche-Backen-mit-Kindern-Motto-backen-Tannenbaum-5-Kopie-1152x1536.jpg 1152w, https:\/\/backenmitminis.de\/wp-content\/uploads\/2020\/11\/Kinderleichte-Becherkueche-Backen-mit-Kindern-Motto-backen-Tannenbaum-5-Kopie-1536x2048.jpg 1536w, https:\/\/backenmitminis.de\/wp-content\/uploads\/2020\/11\/Kinderleichte-Becherkueche-Backen-mit-Kindern-Motto-backen-Tannenbaum-5-Kopie-45x60.jpg 45w, https:\/\/backenmitminis.de\/wp-content\/uploads\/2020\/11\/Kinderleichte-Becherkueche-Backen-mit-Kindern-Motto-backen-Tannenbaum-5-Kopie-scaled.jpg 1920w\" sizes=\"auto, (max-width: 768px) 100vw, 768px\" \/><\/figure>\n\n\n\n<figure class=\"wp-block-image size-large\"><img loading=\"lazy\" decoding=\"async\" width=\"768\" height=\"1024\" data-id=\"3271\" src=\"https:\/\/backenmitminis.de\/wp-content\/uploads\/2020\/11\/Kinderleichte-Becherkueche-Backen-mit-Kindern-Motto-backen-Tannenbaum-9-Kopie-768x1024.jpg\" alt=\"Diese h\u00fcbschen Tannenb\u00e4ume haben meine Kinder mit der Kinderleichten Becherk\u00fcche f\u00fcr Weihnachten gebacken.\" class=\"wp-image-3271\" srcset=\"https:\/\/backenmitminis.de\/wp-content\/uploads\/2020\/11\/Kinderleichte-Becherkueche-Backen-mit-Kindern-Motto-backen-Tannenbaum-9-Kopie-768x1024.jpg 768w, https:\/\/backenmitminis.de\/wp-content\/uploads\/2020\/11\/Kinderleichte-Becherkueche-Backen-mit-Kindern-Motto-backen-Tannenbaum-9-Kopie-scaled-600x800.jpg 600w, https:\/\/backenmitminis.de\/wp-content\/uploads\/2020\/11\/Kinderleichte-Becherkueche-Backen-mit-Kindern-Motto-backen-Tannenbaum-9-Kopie-225x300.jpg 225w, https:\/\/backenmitminis.de\/wp-content\/uploads\/2020\/11\/Kinderleichte-Becherkueche-Backen-mit-Kindern-Motto-backen-Tannenbaum-9-Kopie-1152x1536.jpg 1152w, https:\/\/backenmitminis.de\/wp-content\/uploads\/2020\/11\/Kinderleichte-Becherkueche-Backen-mit-Kindern-Motto-backen-Tannenbaum-9-Kopie-1536x2048.jpg 1536w, https:\/\/backenmitminis.de\/wp-content\/uploads\/2020\/11\/Kinderleichte-Becherkueche-Backen-mit-Kindern-Motto-backen-Tannenbaum-9-Kopie-45x60.jpg 45w, https:\/\/backenmitminis.de\/wp-content\/uploads\/2020\/11\/Kinderleichte-Becherkueche-Backen-mit-Kindern-Motto-backen-Tannenbaum-9-Kopie-scaled.jpg 1920w\" sizes=\"auto, (max-width: 768px) 100vw, 768px\" \/><\/figure>\n<\/figure>\n<\/div>\n<\/div>\n\n\n\n<h2 class=\"wp-block-heading\"><span class=\"ez-toc-section\" id=\"Dauerhafte_Rabattcodes\"><\/span>Dauerhafte Rabattcodes<span class=\"ez-toc-section-end\"><\/span><\/h2>\n\n\n\n<h3 class=\"wp-block-heading\"><span class=\"ez-toc-section\" id=\"GoodBake\"><\/span>GoodBake<span class=\"ez-toc-section-end\"><\/span><\/h3>\n\n\n\n<p>Wie bereits beschrieben lieben wir die Lebensmittelfarben von GoodBake, aber auch Produkte wie &#8222;Happy Fudge&#8220;, &#8222;Happy Glatter&#8220;, &#8222;Happy Melts&#8220;, etc. werden von uns gerne verarbeitet. <\/p>\n\n\n\n<p class=\"has-white-color has-text-color has-background\" style=\"background-color:#e879ea\"><strong><strong>Discount code for your purchase at GoodBake<\/strong>: <\/strong> With the discount code \u201cLIA12\u201d you save 12% on your purchase <a href=\"https:\/\/goodbake.de?sca_ref=2516713.rkRpcA338y\" target=\"_blank\" rel=\"noopener\">from Goodbake<\/a>. <\/p>\n\n\n\n<h2 class=\"has-text-color wp-block-heading\" style=\"color:#e879ea\"><strong>BAKING NEWS \u2013 The most delicious thing right in your inbox?<\/strong><\/h2>\n\n\n\n<p>Sign up for our newsletter and be the first to hear about colorful recipe ideas, easy baking hacks and upcoming baking promotions!<\/p>\n\n\n\n<div class=\"wp-block-buttons is-layout-flex wp-block-buttons-is-layout-flex\">\n<div class=\"wp-block-button aligncenter is-style-fill\"><a class=\"wp-block-button__link has-background\" href=\"http:\/\/eepurl.com\/h5wP89\" style=\"background-color:#e879ea\" target=\"_blank\" rel=\"noopener\">Register now for BAKING NEWS!<\/a><\/div>\n<\/div>\n\n\n\n<p> <\/p>","protected":false},"excerpt":{"rendered":"<p>Da ich immer wieder nach den von uns genutzten Produkten gefragt werden, habe ich dir hier eine \u00dcbersicht unserer meist genutzten Produkte und Helferlein f\u00fcr eine sch\u00f6ne Backsession mit den Minis zusammengestellt. Die Minis &amp; &hellip; <\/p>","protected":false},"author":1,"featured_media":4171,"parent":0,"menu_order":0,"comment_status":"closed","ping_status":"closed","template":"","meta":{"wprm-recipe-roundup-name":"","wprm-recipe-roundup-description":"","footnotes":""},"class_list":["post-3937","page","type-page","status-publish","has-post-thumbnail","hentry"],"_links":{"self":[{"href":"https:\/\/backenmitminis.de\/en\/wp-json\/wp\/v2\/pages\/3937","targetHints":{"allow":["GET"]}}],"collection":[{"href":"https:\/\/backenmitminis.de\/en\/wp-json\/wp\/v2\/pages"}],"about":[{"href":"https:\/\/backenmitminis.de\/en\/wp-json\/wp\/v2\/types\/page"}],"author":[{"embeddable":true,"href":"https:\/\/backenmitminis.de\/en\/wp-json\/wp\/v2\/users\/1"}],"replies":[{"embeddable":true,"href":"https:\/\/backenmitminis.de\/en\/wp-json\/wp\/v2\/comments?post=3937"}],"version-history":[{"count":9,"href":"https:\/\/backenmitminis.de\/en\/wp-json\/wp\/v2\/pages\/3937\/revisions"}],"predecessor-version":[{"id":12432,"href":"https:\/\/backenmitminis.de\/en\/wp-json\/wp\/v2\/pages\/3937\/revisions\/12432"}],"wp:featuredmedia":[{"embeddable":true,"href":"https:\/\/backenmitminis.de\/en\/wp-json\/wp\/v2\/media\/4171"}],"wp:attachment":[{"href":"https:\/\/backenmitminis.de\/en\/wp-json\/wp\/v2\/media?parent=3937"}],"curies":[{"name":"wp","href":"https:\/\/api.w.org\/{rel}","templated":true}]}}