{"id":44,"date":"2020-02-24T08:47:31","date_gmt":"2020-02-24T07:47:31","guid":{"rendered":"http:\/\/backenmitminis.de\/?page_id=44"},"modified":"2024-10-01T12:44:01","modified_gmt":"2024-10-01T10:44:01","slug":"back-mit-mir-backen-mit-minis","status":"publish","type":"page","link":"https:\/\/backenmitminis.de\/en\/back-mit-mir-backen-mit-minis\/","title":{"rendered":"Bake with me!"},"content":{"rendered":"<h2 class=\"wp-block-heading has-text-color\" style=\"color:#e879ea\">Baking with Kids \u2013 Colorful confetti treats for easy baking<\/h2>\n\n\n\n<p><strong>Would you like to bake with me?<\/strong> Easy recipes &amp; colorful baking ideas suit you and your company well and are you interested in collaborating with Baking with kids &amp; me? That is great! <\/p>\n\n\n\n<p>I offer you these services: <\/p>\n\n\n\n<ul class=\"wp-block-list\">\n<li>Recipe development<\/li>\n\n\n\n<li>Food photography &amp; food styling<\/li>\n\n\n\n<li>Blog posts with individual product placement<\/li>\n\n\n\n<li>Expand blog posts to social media<\/li>\n\n\n\n<li>Content Creation<\/li>\n\n\n\n<li>Content creation for external websites and social media channels<\/li>\n<\/ul>\n\n\n\n<p>Feel free to write to me <strong>backenmitminis@web.de<\/strong> and I'll send you my colorful <strong>Mediakit<\/strong> .<\/p>\n\n\n\n<figure class=\"wp-block-gallery has-nested-images columns-default is-cropped wp-block-gallery-1 is-layout-flex wp-block-gallery-is-layout-flex\">\n<figure class=\"wp-block-image size-large\"><img loading=\"lazy\" decoding=\"async\" width=\"757\" height=\"1024\" data-id=\"4549\" src=\"https:\/\/backenmitminis.de\/wp-content\/uploads\/2021\/04\/Erdbeertorte-Marmorkuchen-Muttertag-Muttertagskuchen-Muttertagstorte-einfaches-Rezept-58-Kopie-757x1024.jpg\" alt=\"Die Erdbeeren-Quark-Torte zum Muttertag wird mit k\u00f6stlichen Guylian-Pralinen gekr\u00f6nt.\" class=\"wp-image-4549\" srcset=\"https:\/\/backenmitminis.de\/wp-content\/uploads\/2021\/04\/Erdbeertorte-Marmorkuchen-Muttertag-Muttertagskuchen-Muttertagstorte-einfaches-Rezept-58-Kopie-757x1024.jpg 757w, https:\/\/backenmitminis.de\/wp-content\/uploads\/2021\/04\/Erdbeertorte-Marmorkuchen-Muttertag-Muttertagskuchen-Muttertagstorte-einfaches-Rezept-58-Kopie-scaled-600x811.jpg 600w, https:\/\/backenmitminis.de\/wp-content\/uploads\/2021\/04\/Erdbeertorte-Marmorkuchen-Muttertag-Muttertagskuchen-Muttertagstorte-einfaches-Rezept-58-Kopie-222x300.jpg 222w, https:\/\/backenmitminis.de\/wp-content\/uploads\/2021\/04\/Erdbeertorte-Marmorkuchen-Muttertag-Muttertagskuchen-Muttertagstorte-einfaches-Rezept-58-Kopie-768x1038.jpg 768w, https:\/\/backenmitminis.de\/wp-content\/uploads\/2021\/04\/Erdbeertorte-Marmorkuchen-Muttertag-Muttertagskuchen-Muttertagstorte-einfaches-Rezept-58-Kopie-1136x1536.jpg 1136w, https:\/\/backenmitminis.de\/wp-content\/uploads\/2021\/04\/Erdbeertorte-Marmorkuchen-Muttertag-Muttertagskuchen-Muttertagstorte-einfaches-Rezept-58-Kopie-1515x2048.jpg 1515w, https:\/\/backenmitminis.de\/wp-content\/uploads\/2021\/04\/Erdbeertorte-Marmorkuchen-Muttertag-Muttertagskuchen-Muttertagstorte-einfaches-Rezept-58-Kopie-44x60.jpg 44w, https:\/\/backenmitminis.de\/wp-content\/uploads\/2021\/04\/Erdbeertorte-Marmorkuchen-Muttertag-Muttertagskuchen-Muttertagstorte-einfaches-Rezept-58-Kopie-scaled.jpg 1893w\" sizes=\"auto, (max-width: 757px) 100vw, 757px\" \/><\/figure>\n\n\n\n<figure class=\"wp-block-image size-large\"><img loading=\"lazy\" decoding=\"async\" width=\"768\" height=\"1024\" data-id=\"5420\" src=\"https:\/\/backenmitminis.de\/wp-content\/uploads\/2021\/07\/Eisenbahnkuchen-Zugkuchen-Kindergeburtstag-Schnelles-Rezept-Backen-mit_Kindern-31-Kopie-768x1024.jpg\" alt=\"Der kunterbunte Eisenbahnkuchen f\u00fcr den Kindergeburtstag wird mit S\u00fc\u00dfigkeiten farbenfroh dekoriert.\" class=\"wp-image-5420\" srcset=\"https:\/\/backenmitminis.de\/wp-content\/uploads\/2021\/07\/Eisenbahnkuchen-Zugkuchen-Kindergeburtstag-Schnelles-Rezept-Backen-mit_Kindern-31-Kopie-768x1024.jpg 768w, https:\/\/backenmitminis.de\/wp-content\/uploads\/2021\/07\/Eisenbahnkuchen-Zugkuchen-Kindergeburtstag-Schnelles-Rezept-Backen-mit_Kindern-31-Kopie-scaled-600x800.jpg 600w, https:\/\/backenmitminis.de\/wp-content\/uploads\/2021\/07\/Eisenbahnkuchen-Zugkuchen-Kindergeburtstag-Schnelles-Rezept-Backen-mit_Kindern-31-Kopie-225x300.jpg 225w, https:\/\/backenmitminis.de\/wp-content\/uploads\/2021\/07\/Eisenbahnkuchen-Zugkuchen-Kindergeburtstag-Schnelles-Rezept-Backen-mit_Kindern-31-Kopie-1152x1536.jpg 1152w, https:\/\/backenmitminis.de\/wp-content\/uploads\/2021\/07\/Eisenbahnkuchen-Zugkuchen-Kindergeburtstag-Schnelles-Rezept-Backen-mit_Kindern-31-Kopie-1536x2048.jpg 1536w, https:\/\/backenmitminis.de\/wp-content\/uploads\/2021\/07\/Eisenbahnkuchen-Zugkuchen-Kindergeburtstag-Schnelles-Rezept-Backen-mit_Kindern-31-Kopie-45x60.jpg 45w, https:\/\/backenmitminis.de\/wp-content\/uploads\/2021\/07\/Eisenbahnkuchen-Zugkuchen-Kindergeburtstag-Schnelles-Rezept-Backen-mit_Kindern-31-Kopie-scaled.jpg 1920w\" sizes=\"auto, (max-width: 768px) 100vw, 768px\" \/><\/figure>\n\n\n\n<figure class=\"wp-block-image size-large\"><img loading=\"lazy\" decoding=\"async\" width=\"768\" height=\"1024\" data-id=\"8888\" src=\"https:\/\/backenmitminis.de\/wp-content\/uploads\/2022\/10\/Apple-Crumble-Halloween-18-Kopie-768x1024.jpg\" alt=\"Ein schnelles Halloween-Rezept f\u00fcr das Backen mit Kindern: Schauriges Apple Crumble\" class=\"wp-image-8888\" srcset=\"https:\/\/backenmitminis.de\/wp-content\/uploads\/2022\/10\/Apple-Crumble-Halloween-18-Kopie-768x1024.jpg 768w, https:\/\/backenmitminis.de\/wp-content\/uploads\/2022\/10\/Apple-Crumble-Halloween-18-Kopie-225x300.jpg 225w, https:\/\/backenmitminis.de\/wp-content\/uploads\/2022\/10\/Apple-Crumble-Halloween-18-Kopie-1152x1536.jpg 1152w, https:\/\/backenmitminis.de\/wp-content\/uploads\/2022\/10\/Apple-Crumble-Halloween-18-Kopie-1536x2048.jpg 1536w, https:\/\/backenmitminis.de\/wp-content\/uploads\/2022\/10\/Apple-Crumble-Halloween-18-Kopie-45x60.jpg 45w, https:\/\/backenmitminis.de\/wp-content\/uploads\/2022\/10\/Apple-Crumble-Halloween-18-Kopie-600x800.jpg 600w, https:\/\/backenmitminis.de\/wp-content\/uploads\/2022\/10\/Apple-Crumble-Halloween-18-Kopie-scaled.jpg 1920w\" sizes=\"auto, (max-width: 768px) 100vw, 768px\" \/><\/figure>\n<\/figure>\n\n\n\n<h2 class=\"wp-block-heading has-text-color\" style=\"color:#e879ea\">Food photography &amp; food styling<\/h2>\n\n\n\n<p>With appealing photos we can tell stories, awaken longings and (childhood) memories... Food photos capture moods and make you want more. This should always be our aim \u2013 in magazines, baking books, flyers, product photos or on social media.<\/p>\n\n\n\n<p>I create enjoyable photos according to your ideas and you receive food photography &amp; food styling&nbsp;<strong>from a single source.<\/strong>.<\/p>\n\n\n\n<h2 class=\"wp-block-heading has-text-color\" style=\"color:#e879ea\">Recipe development<\/h2>\n\n\n\n<p>Benefit from my passion for sweet pastries and my experience in implementing them creatively with (small) children.<\/p>\n\n\n\n<p>I would be happy to develop easy-to-use, sure-to-success sweet baking recipes for your website, social media channels, advertising material or other print products that fit your company, your product and your brand.<\/p>\n\n\n\n<h2 class=\"wp-block-heading has-text-color\" style=\"color:#e879ea\">Collaborations Blog &amp; Social Media<\/h2>\n\n\n\n<p>On my blog Baking with Kids, I have been baking sweet, colorful recipes with my Minis for 8 years that make children's hearts beat faster. You'll find now <strong>over 200 colorful &amp; simple recipes<\/strong>, baking tips for baking with kids and products that make baking with kids easier.<\/p>\n\n\n\n<p>I would be happy to include your product, your brand and your company in my blog and my social media channels - if it supports our idea of \u200b\u200beasy baking and fits my blog and my community. I will mark a joint project as such at any time.<\/p>\n\n\n\n<p>If your gut says \u201cyes\u201d to my blog and our collaboration, then bake with me! Feel free to write me an email <strong>backenmitminis@web.de<\/strong>.<\/p>\n\n\n\n<p><strong>References<\/strong>: Zenker Backformen (<a href=\"https:\/\/backenmitminis.de\/en\/2020\/03\/13\/muesliriegel-der-gesunde-snack\/\" class=\"rank-math-link\">Product test<\/a>), RBV Birkmann (<a href=\"https:\/\/backenmitminis.de\/en\/2019\/04\/14\/knuddelige-zitronenhaeschen-zu-ostern\/\" class=\"rank-math-link\">Product test<\/a>), Die Backhelden (<a aria-label=\"Product test (opens in a new tab)\" href=\"https:\/\/backenmitminis.de\/en\/2020\/07\/17\/eine-dino-torte-zum-kindergeburtstag\/\" target=\"_blank\" rel=\"noreferrer noopener\" class=\"rank-math-link\">Product test<\/a>), Die Kinderleichte Becherk\u00fcche (<a aria-label=\"Product test (opens in a new tab)\" href=\"https:\/\/backenmitminis.de\/en\/2020\/11\/13\/backbuch-kinderleichte-becherkuche\/\" target=\"_blank\" rel=\"noreferrer noopener\" class=\"rank-math-link\">Product test<\/a>)<\/p>\n\n\n\n<figure class=\"wp-block-gallery has-nested-images columns-default is-cropped wp-block-gallery-2 is-layout-flex wp-block-gallery-is-layout-flex\">\n<figure class=\"wp-block-image size-large\"><img loading=\"lazy\" decoding=\"async\" width=\"768\" height=\"1024\" data-id=\"3792\" src=\"https:\/\/backenmitminis.de\/wp-content\/uploads\/2021\/01\/Schneemann-Cakepops-Winter-backen-mit-kindern-kindergeburtstag-27-Kopie-768x1024.jpg\" alt=\"Mit der Cakepop-Silikonbackform lassen sich kleine Schneem\u00e4nner mit Kindern backen\" class=\"wp-image-3792\" srcset=\"https:\/\/backenmitminis.de\/wp-content\/uploads\/2021\/01\/Schneemann-Cakepops-Winter-backen-mit-kindern-kindergeburtstag-27-Kopie-768x1024.jpg 768w, https:\/\/backenmitminis.de\/wp-content\/uploads\/2021\/01\/Schneemann-Cakepops-Winter-backen-mit-kindern-kindergeburtstag-27-Kopie-scaled-600x800.jpg 600w, https:\/\/backenmitminis.de\/wp-content\/uploads\/2021\/01\/Schneemann-Cakepops-Winter-backen-mit-kindern-kindergeburtstag-27-Kopie-225x300.jpg 225w, https:\/\/backenmitminis.de\/wp-content\/uploads\/2021\/01\/Schneemann-Cakepops-Winter-backen-mit-kindern-kindergeburtstag-27-Kopie-1152x1536.jpg 1152w, https:\/\/backenmitminis.de\/wp-content\/uploads\/2021\/01\/Schneemann-Cakepops-Winter-backen-mit-kindern-kindergeburtstag-27-Kopie-1536x2048.jpg 1536w, https:\/\/backenmitminis.de\/wp-content\/uploads\/2021\/01\/Schneemann-Cakepops-Winter-backen-mit-kindern-kindergeburtstag-27-Kopie-45x60.jpg 45w, https:\/\/backenmitminis.de\/wp-content\/uploads\/2021\/01\/Schneemann-Cakepops-Winter-backen-mit-kindern-kindergeburtstag-27-Kopie-scaled.jpg 1920w\" sizes=\"auto, (max-width: 768px) 100vw, 768px\" \/><\/figure>\n\n\n\n<figure class=\"wp-block-image size-large\"><img loading=\"lazy\" decoding=\"async\" width=\"768\" height=\"1024\" data-id=\"3272\" src=\"https:\/\/backenmitminis.de\/wp-content\/uploads\/2020\/11\/Kinderleichte-Becherkueche-Backen-mit-Kindern-Motto-backen-Tannenbaum-10-Kopie-768x1024.jpg\" alt=\"Diese h\u00fcbschen Tannenb\u00e4ume haben meine Kinder mit der Kinderleichten Becherk\u00fcche f\u00fcr Weihnachten gebacken.\" class=\"wp-image-3272\" srcset=\"https:\/\/backenmitminis.de\/wp-content\/uploads\/2020\/11\/Kinderleichte-Becherkueche-Backen-mit-Kindern-Motto-backen-Tannenbaum-10-Kopie-768x1024.jpg 768w, https:\/\/backenmitminis.de\/wp-content\/uploads\/2020\/11\/Kinderleichte-Becherkueche-Backen-mit-Kindern-Motto-backen-Tannenbaum-10-Kopie-scaled-600x800.jpg 600w, https:\/\/backenmitminis.de\/wp-content\/uploads\/2020\/11\/Kinderleichte-Becherkueche-Backen-mit-Kindern-Motto-backen-Tannenbaum-10-Kopie-225x300.jpg 225w, https:\/\/backenmitminis.de\/wp-content\/uploads\/2020\/11\/Kinderleichte-Becherkueche-Backen-mit-Kindern-Motto-backen-Tannenbaum-10-Kopie-1152x1536.jpg 1152w, https:\/\/backenmitminis.de\/wp-content\/uploads\/2020\/11\/Kinderleichte-Becherkueche-Backen-mit-Kindern-Motto-backen-Tannenbaum-10-Kopie-1536x2048.jpg 1536w, https:\/\/backenmitminis.de\/wp-content\/uploads\/2020\/11\/Kinderleichte-Becherkueche-Backen-mit-Kindern-Motto-backen-Tannenbaum-10-Kopie-45x60.jpg 45w, https:\/\/backenmitminis.de\/wp-content\/uploads\/2020\/11\/Kinderleichte-Becherkueche-Backen-mit-Kindern-Motto-backen-Tannenbaum-10-Kopie-scaled.jpg 1920w\" sizes=\"auto, (max-width: 768px) 100vw, 768px\" \/><\/figure>\n\n\n\n<figure class=\"wp-block-image size-large\"><img loading=\"lazy\" decoding=\"async\" width=\"768\" height=\"1024\" data-id=\"2174\" src=\"https:\/\/backenmitminis.de\/wp-content\/uploads\/2020\/07\/backhelden-produkttest-einfach-backen-Kindergeburtstag-Torte-Backmischung-20-Kopie-2-768x1024.jpg\" alt=\"Die schnelle Torte ist zum Backen mit Kindern hervorragend geeignet.\" class=\"wp-image-2174\" srcset=\"https:\/\/backenmitminis.de\/wp-content\/uploads\/2020\/07\/backhelden-produkttest-einfach-backen-Kindergeburtstag-Torte-Backmischung-20-Kopie-2-768x1024.jpg 768w, https:\/\/backenmitminis.de\/wp-content\/uploads\/2020\/07\/backhelden-produkttest-einfach-backen-Kindergeburtstag-Torte-Backmischung-20-Kopie-2-scaled-600x800.jpg 600w, https:\/\/backenmitminis.de\/wp-content\/uploads\/2020\/07\/backhelden-produkttest-einfach-backen-Kindergeburtstag-Torte-Backmischung-20-Kopie-2-225x300.jpg 225w, https:\/\/backenmitminis.de\/wp-content\/uploads\/2020\/07\/backhelden-produkttest-einfach-backen-Kindergeburtstag-Torte-Backmischung-20-Kopie-2-1152x1536.jpg 1152w, https:\/\/backenmitminis.de\/wp-content\/uploads\/2020\/07\/backhelden-produkttest-einfach-backen-Kindergeburtstag-Torte-Backmischung-20-Kopie-2-1536x2048.jpg 1536w, https:\/\/backenmitminis.de\/wp-content\/uploads\/2020\/07\/backhelden-produkttest-einfach-backen-Kindergeburtstag-Torte-Backmischung-20-Kopie-2-45x60.jpg 45w, https:\/\/backenmitminis.de\/wp-content\/uploads\/2020\/07\/backhelden-produkttest-einfach-backen-Kindergeburtstag-Torte-Backmischung-20-Kopie-2-scaled.jpg 1920w\" sizes=\"auto, (max-width: 768px) 100vw, 768px\" \/><\/figure>\n<\/figure>\n\n\n\n<h2 class=\"wp-block-heading has-text-color\" style=\"color:#e879ea\">Workshops<\/h2>\n\n\n\n<p>Are you planning an event and need colorful &amp; delicious support? Are you looking for a confetti-colored idea to showcase your products easily and well? Do you need someone to inspire children with colorful activities and appeal to their parents? <\/p>\n\n\n\n<p>Then I look forward to your inquiry to <strong>backenmitminis@web.de<\/strong>.<\/p>\n\n\n\n<p><strong>References:<\/strong> Kinderb\u00fccherei L\u00fcneburg (<a rel=\"noreferrer noopener\" aria-label=\"Christmas Workshop (open in new tab)\" href=\"https:\/\/backenmitminis.de\/en\/2019\/12\/17\/weihnachts-workshops-bruchschokolade\/\" target=\"_blank\">Christmas Workshop<\/a>)<\/p>\n\n\n\n<figure class=\"wp-block-gallery has-nested-images columns-default is-cropped wp-block-gallery-3 is-layout-flex wp-block-gallery-is-layout-flex\">\n<figure class=\"wp-block-image size-large\"><img loading=\"lazy\" decoding=\"async\" width=\"768\" height=\"1024\" data-id=\"212\" src=\"https:\/\/backenmitminis.de\/wp-content\/uploads\/2020\/02\/Workshop_Cookie-Pops-DIY-Weihnachtsgeschenk-Backen-mit-kindern-01-768x1024.jpg\" alt=\"Im Workshop f\u00fcr Kinder werden weihnachtliche Cookie-Pops gestaltet\" class=\"wp-image-212\" srcset=\"https:\/\/backenmitminis.de\/wp-content\/uploads\/2020\/02\/Workshop_Cookie-Pops-DIY-Weihnachtsgeschenk-Backen-mit-kindern-01-768x1024.jpg 768w, https:\/\/backenmitminis.de\/wp-content\/uploads\/2020\/02\/Workshop_Cookie-Pops-DIY-Weihnachtsgeschenk-Backen-mit-kindern-01-scaled-600x800.jpg 600w, https:\/\/backenmitminis.de\/wp-content\/uploads\/2020\/02\/Workshop_Cookie-Pops-DIY-Weihnachtsgeschenk-Backen-mit-kindern-01-225x300.jpg 225w, https:\/\/backenmitminis.de\/wp-content\/uploads\/2020\/02\/Workshop_Cookie-Pops-DIY-Weihnachtsgeschenk-Backen-mit-kindern-01-1152x1536.jpg 1152w, https:\/\/backenmitminis.de\/wp-content\/uploads\/2020\/02\/Workshop_Cookie-Pops-DIY-Weihnachtsgeschenk-Backen-mit-kindern-01-1536x2048.jpg 1536w, https:\/\/backenmitminis.de\/wp-content\/uploads\/2020\/02\/Workshop_Cookie-Pops-DIY-Weihnachtsgeschenk-Backen-mit-kindern-01-45x60.jpg 45w, https:\/\/backenmitminis.de\/wp-content\/uploads\/2020\/02\/Workshop_Cookie-Pops-DIY-Weihnachtsgeschenk-Backen-mit-kindern-01-scaled.jpg 1920w\" sizes=\"auto, (max-width: 768px) 100vw, 768px\" \/><\/figure>\n\n\n\n<figure class=\"wp-block-image size-large\"><img loading=\"lazy\" decoding=\"async\" width=\"768\" height=\"1024\" data-id=\"205\" src=\"https:\/\/backenmitminis.de\/wp-content\/uploads\/2020\/02\/Workshop_Bruchschokolade-DIY-Weihnachtsgeschenk-Backen-mit-kindern-01-768x1024.jpg\" alt=\"Kunterbunte Bruchschokolade als Geschenk wird im Workshop f\u00fcr Kinder gestaltet\" class=\"wp-image-205\" srcset=\"https:\/\/backenmitminis.de\/wp-content\/uploads\/2020\/02\/Workshop_Bruchschokolade-DIY-Weihnachtsgeschenk-Backen-mit-kindern-01-768x1024.jpg 768w, https:\/\/backenmitminis.de\/wp-content\/uploads\/2020\/02\/Workshop_Bruchschokolade-DIY-Weihnachtsgeschenk-Backen-mit-kindern-01-scaled-600x800.jpg 600w, https:\/\/backenmitminis.de\/wp-content\/uploads\/2020\/02\/Workshop_Bruchschokolade-DIY-Weihnachtsgeschenk-Backen-mit-kindern-01-225x300.jpg 225w, https:\/\/backenmitminis.de\/wp-content\/uploads\/2020\/02\/Workshop_Bruchschokolade-DIY-Weihnachtsgeschenk-Backen-mit-kindern-01-1152x1536.jpg 1152w, https:\/\/backenmitminis.de\/wp-content\/uploads\/2020\/02\/Workshop_Bruchschokolade-DIY-Weihnachtsgeschenk-Backen-mit-kindern-01-1536x2048.jpg 1536w, https:\/\/backenmitminis.de\/wp-content\/uploads\/2020\/02\/Workshop_Bruchschokolade-DIY-Weihnachtsgeschenk-Backen-mit-kindern-01-45x60.jpg 45w, https:\/\/backenmitminis.de\/wp-content\/uploads\/2020\/02\/Workshop_Bruchschokolade-DIY-Weihnachtsgeschenk-Backen-mit-kindern-01-scaled.jpg 1920w\" sizes=\"auto, (max-width: 768px) 100vw, 768px\" \/><\/figure>\n\n\n\n<figure class=\"wp-block-image size-large\"><img loading=\"lazy\" decoding=\"async\" width=\"768\" height=\"1024\" data-id=\"214\" src=\"https:\/\/backenmitminis.de\/wp-content\/uploads\/2020\/02\/Workshop_Cookie-Pops-DIY-Weihnachtsgeschenk-Backen-mit-kindern-03-768x1024.jpg\" alt=\"Im Workshop f\u00fcr Kinder werden Cookie-Pops gestaltet\" class=\"wp-image-214\" srcset=\"https:\/\/backenmitminis.de\/wp-content\/uploads\/2020\/02\/Workshop_Cookie-Pops-DIY-Weihnachtsgeschenk-Backen-mit-kindern-03-768x1024.jpg 768w, https:\/\/backenmitminis.de\/wp-content\/uploads\/2020\/02\/Workshop_Cookie-Pops-DIY-Weihnachtsgeschenk-Backen-mit-kindern-03-scaled-600x800.jpg 600w, https:\/\/backenmitminis.de\/wp-content\/uploads\/2020\/02\/Workshop_Cookie-Pops-DIY-Weihnachtsgeschenk-Backen-mit-kindern-03-225x300.jpg 225w, https:\/\/backenmitminis.de\/wp-content\/uploads\/2020\/02\/Workshop_Cookie-Pops-DIY-Weihnachtsgeschenk-Backen-mit-kindern-03-1152x1536.jpg 1152w, https:\/\/backenmitminis.de\/wp-content\/uploads\/2020\/02\/Workshop_Cookie-Pops-DIY-Weihnachtsgeschenk-Backen-mit-kindern-03-1536x2048.jpg 1536w, https:\/\/backenmitminis.de\/wp-content\/uploads\/2020\/02\/Workshop_Cookie-Pops-DIY-Weihnachtsgeschenk-Backen-mit-kindern-03-45x60.jpg 45w, https:\/\/backenmitminis.de\/wp-content\/uploads\/2020\/02\/Workshop_Cookie-Pops-DIY-Weihnachtsgeschenk-Backen-mit-kindern-03-scaled.jpg 1920w\" sizes=\"auto, (max-width: 768px) 100vw, 768px\" \/><\/figure>\n<\/figure>\n\n\n\n<h2 class=\"wp-block-heading has-text-color\" style=\"color:#e879ea\">Further cooperation opportunities<\/h2>\n\n\n\n<ul class=\"wp-block-list\">\n<li>Presentation of baking books<\/li>\n\n\n\n<li>Event participation, restaurant presentation, shop openings &amp; press trip<\/li>\n<\/ul>\n\n\n\n<p>If you have other ideas for creative and respectful collaboration, please send me an email: <strong>backenmitminis@web.de<\/strong>I am looking forward to it! <\/p>\n\n\n\n<p class=\"has-text-color\" style=\"color:#e879ea\"><strong>Yours, Lia<\/strong><\/p>","protected":false},"excerpt":{"rendered":"<p>Backen mit Minis &#8211; Konfettibunte Leckereien zum einfachen Nachbacken Du m\u00f6chtest gern mit mir backen? Kinderleichte Rezepte &amp; kunterbunte Backideen passen gut zu dir und deinem Unternehmen und du bist an einer Zusammenarbeit mit Backen &hellip; <\/p>","protected":false},"author":1,"featured_media":0,"parent":0,"menu_order":0,"comment_status":"closed","ping_status":"closed","template":"","meta":{"wprm-recipe-roundup-name":"","wprm-recipe-roundup-description":"","footnotes":""},"class_list":["post-44","page","type-page","status-publish","hentry"],"_links":{"self":[{"href":"https:\/\/backenmitminis.de\/en\/wp-json\/wp\/v2\/pages\/44","targetHints":{"allow":["GET"]}}],"collection":[{"href":"https:\/\/backenmitminis.de\/en\/wp-json\/wp\/v2\/pages"}],"about":[{"href":"https:\/\/backenmitminis.de\/en\/wp-json\/wp\/v2\/types\/page"}],"author":[{"embeddable":true,"href":"https:\/\/backenmitminis.de\/en\/wp-json\/wp\/v2\/users\/1"}],"replies":[{"embeddable":true,"href":"https:\/\/backenmitminis.de\/en\/wp-json\/wp\/v2\/comments?post=44"}],"version-history":[{"count":10,"href":"https:\/\/backenmitminis.de\/en\/wp-json\/wp\/v2\/pages\/44\/revisions"}],"predecessor-version":[{"id":13015,"href":"https:\/\/backenmitminis.de\/en\/wp-json\/wp\/v2\/pages\/44\/revisions\/13015"}],"wp:attachment":[{"href":"https:\/\/backenmitminis.de\/en\/wp-json\/wp\/v2\/media?parent=44"}],"curies":[{"name":"wp","href":"https:\/\/api.w.org\/{rel}","templated":true}]}}